{"id":57593,"date":"2021-01-05T15:18:38","date_gmt":"2021-01-05T13:18:38","guid":{"rendered":"https:\/\/www.stiftung-oekologie-u-demokratie.de\/T\/?post_type=dt_portfolio&#038;p=57593"},"modified":"2021-01-05T15:18:40","modified_gmt":"2021-01-05T13:18:40","slug":"goldener-baum","status":"publish","type":"dt_portfolio","link":"https:\/\/www.stiftung-oekologie-u-demokratie.de\/T\/project\/goldener-baum\/","title":{"rendered":"Goldener Baum"},"content":{"rendered":"<div class=\"wpb-content-wrapper\">\n<p>Die Stiftung f\u00fcr \u00d6kologie und Demokratie e.V. vergibt Preise, um beispielgebende Pers\u00f6nlichkeiten und Initiativen \u00f6ffentlich zu w\u00fcrdigen und vorbildliche Projekte als nachahmenswert zu pr\u00e4sentieren.<\/p>\n\n\n\n<p>Die Stiftung f\u00fcr \u00d6kologie und Demokratie e.V. vergibt folgende Preise:<\/p>\n\n\n\n<h3 class=\"wp-block-heading\">&#8222;Goldener Baum&#8220;<\/h3>\n\n\n\n<p>Dieser Preis, der aus einer Urkunde und einem goldenen Baum als Anstecknadel besteht, wird j\u00e4hrlich seit 1999 an eine besonders herausragende Pers\u00f6nlichkeit verliehen, die sich in den Themenfeldern \u00d6kologie und Demokratie in ganz besonderer Weise profiliert hat.<\/p>\n\n\n\n\n<div class=\"su-posts su-posts-default-loop \">\n\n\t\n\t\t\t\t\t\n\t\t\t\n\t\t\t<div id=\"su-post-58207\" class=\"su-post \">\n\n\t\t\t\t\t\t\t\t\t<a class=\"su-post-thumbnail\" href=\"https:\/\/www.stiftung-oekologie-u-demokratie.de\/T\/auszeichnung-fuer-forschung-nachhaltigkeit-und-transparenz-goldener-baum-geht-an-prof-bruno-burger\/\"><img fetchpriority=\"high\" decoding=\"async\" width=\"2560\" height=\"1502\" src=\"https:\/\/www.stiftung-oekologie-u-demokratie.de\/T\/wp-content\/uploads\/2025\/10\/Ehrung-Goldener-Baum-Prof-Burger-vlnr-B-Janzing-B-Burger-M-Hollemann-scaled-e1759702924281.jpg\" class=\"attachment-post-thumbnail size-post-thumbnail wp-post-image\" alt=\"\" srcset=\"https:\/\/www.stiftung-oekologie-u-demokratie.de\/T\/wp-content\/uploads\/2025\/10\/Ehrung-Goldener-Baum-Prof-Burger-vlnr-B-Janzing-B-Burger-M-Hollemann-scaled-e1759702924281.jpg 2560w, https:\/\/www.stiftung-oekologie-u-demokratie.de\/T\/wp-content\/uploads\/2025\/10\/Ehrung-Goldener-Baum-Prof-Burger-vlnr-B-Janzing-B-Burger-M-Hollemann-scaled-e1759702924281-300x176.jpg 300w, https:\/\/www.stiftung-oekologie-u-demokratie.de\/T\/wp-content\/uploads\/2025\/10\/Ehrung-Goldener-Baum-Prof-Burger-vlnr-B-Janzing-B-Burger-M-Hollemann-scaled-e1759702924281-1024x601.jpg 1024w, https:\/\/www.stiftung-oekologie-u-demokratie.de\/T\/wp-content\/uploads\/2025\/10\/Ehrung-Goldener-Baum-Prof-Burger-vlnr-B-Janzing-B-Burger-M-Hollemann-scaled-e1759702924281-768x451.jpg 768w, https:\/\/www.stiftung-oekologie-u-demokratie.de\/T\/wp-content\/uploads\/2025\/10\/Ehrung-Goldener-Baum-Prof-Burger-vlnr-B-Janzing-B-Burger-M-Hollemann-scaled-e1759702924281-1536x901.jpg 1536w, https:\/\/www.stiftung-oekologie-u-demokratie.de\/T\/wp-content\/uploads\/2025\/10\/Ehrung-Goldener-Baum-Prof-Burger-vlnr-B-Janzing-B-Burger-M-Hollemann-scaled-e1759702924281-2048x1202.jpg 2048w\" sizes=\"(max-width: 2560px) 100vw, 2560px\" \/><\/a>\n\t\t\t\t\n\t\t\t\t<h2 class=\"su-post-title\"><a href=\"https:\/\/www.stiftung-oekologie-u-demokratie.de\/T\/auszeichnung-fuer-forschung-nachhaltigkeit-und-transparenz-goldener-baum-geht-an-prof-bruno-burger\/\">Auszeichnung f\u00fcr Forschung, Nachhaltigkeit und Transparenz: \u201eGoldener Baum\u201c geht an Prof. Bruno Burger<\/a><\/h2>\n\n\t\t\t\t<div class=\"su-post-meta\">\n\t\t\t\t\tVer\u00f6ffentlicht: 1. Oktober 2025\t\t\t\t<\/div>\n\n\t\t\t\t<div class=\"su-post-excerpt\">\n\t\t\t\t\t<p>[vc_row][vc_column][vc_column_text css=&#8220;&#8220;]Pressemitteilung Auszeichnung f\u00fcr Forschung, Nachhaltigkeit und Transparenz: \u201eGoldener Baum\u201c geht an Prof. Bruno Burger &nbsp; Freiburg im Breisgau, 1. Oktober 2025 &nbsp; Die Stiftung f\u00fcr \u00d6kologie und Demokratie e.V. hat Prof. Dr.-Ing. Bruno Burger, Senior Scientist am Fraunhofer-Institut f\u00fcr Solare Energiesysteme ISE in Freiburg im Breisgau, mit dem Preis\u00a0\u201eGoldener Baum\u201c\u00a0geehrt. Mit dieser Auszeichnung wird&hellip;<\/p>\n\t\t\t\t<\/div>\n\n\t\t\t\t\n\t\t\t<\/div>\n\n\t\t\t\t\t\n\t\t\t\n\t\t\t<div id=\"su-post-58106\" class=\"su-post \">\n\n\t\t\t\t\t\t\t\t\t<a class=\"su-post-thumbnail\" href=\"https:\/\/www.stiftung-oekologie-u-demokratie.de\/T\/prof-dr-ernst-ulrich-von-weizsaecker-mit-dem-preis-goldener-baum-ausgezeichnet\/\"><img decoding=\"async\" width=\"640\" height=\"390\" src=\"https:\/\/www.stiftung-oekologie-u-demokratie.de\/T\/wp-content\/uploads\/2024\/03\/20240325_-EU-v-Weizsa\u0308cker-und-BM-Hollemann.jpeg\" class=\"attachment-post-thumbnail size-post-thumbnail wp-post-image\" alt=\"\" srcset=\"https:\/\/www.stiftung-oekologie-u-demokratie.de\/T\/wp-content\/uploads\/2024\/03\/20240325_-EU-v-Weizsa\u0308cker-und-BM-Hollemann.jpeg 640w, https:\/\/www.stiftung-oekologie-u-demokratie.de\/T\/wp-content\/uploads\/2024\/03\/20240325_-EU-v-Weizsa\u0308cker-und-BM-Hollemann-300x183.jpeg 300w, https:\/\/www.stiftung-oekologie-u-demokratie.de\/T\/wp-content\/uploads\/2024\/03\/20240325_-EU-v-Weizsa\u0308cker-und-BM-Hollemann-600x366.jpeg 600w\" sizes=\"(max-width: 640px) 100vw, 640px\" \/><\/a>\n\t\t\t\t\n\t\t\t\t<h2 class=\"su-post-title\"><a href=\"https:\/\/www.stiftung-oekologie-u-demokratie.de\/T\/prof-dr-ernst-ulrich-von-weizsaecker-mit-dem-preis-goldener-baum-ausgezeichnet\/\">Prof. Dr. Ernst Ulrich von Weizs\u00e4cker mit dem Preis \u201eGoldener Baum\u201c ausgezeichnet<\/a><\/h2>\n\n\t\t\t\t<div class=\"su-post-meta\">\n\t\t\t\t\tVer\u00f6ffentlicht: 29. M\u00e4rz 2024\t\t\t\t<\/div>\n\n\t\t\t\t<div class=\"su-post-excerpt\">\n\t\t\t\t\t<p>Im Rahmen einer Tagung zum Thema \u201eDie Zukunft der Menschheit auf unserem Planeten\u201c&nbsp; am 16.\/17. Februar 2024 in der Frankenakademie Schloss Schney hat die Stiftung f\u00fcr \u00d6kologie und Demokratie e.V. den Politiker und Umweltwissenschaftler Prof. Dr. Ernst Ulrich von Weizs\u00e4cker aus Emmendingen f\u00fcr sein politisches und umweltwissenschaftliches Lebenswerk mit dem Preis \u201eGoldener Baum\u201c ausge-zeichnet. &nbsp;&hellip;<\/p>\n\t\t\t\t<\/div>\n\n\t\t\t\t\n\t\t\t<\/div>\n\n\t\t\t\t\t\n\t\t\t\n\t\t\t<div id=\"su-post-57931\" class=\"su-post \">\n\n\t\t\t\t\t\t\t\t\t<a class=\"su-post-thumbnail\" href=\"https:\/\/www.stiftung-oekologie-u-demokratie.de\/T\/jubilaeumsveranstaltung-30-jahre-stiftung-fuer-oekologie-und-demokratie-e-v\/\"><img decoding=\"async\" width=\"441\" height=\"349\" src=\"https:\/\/www.stiftung-oekologie-u-demokratie.de\/T\/wp-content\/uploads\/2022\/09\/P1011915-1.jpeg\" class=\"attachment-post-thumbnail size-post-thumbnail wp-post-image\" alt=\"\" srcset=\"https:\/\/www.stiftung-oekologie-u-demokratie.de\/T\/wp-content\/uploads\/2022\/09\/P1011915-1.jpeg 441w, https:\/\/www.stiftung-oekologie-u-demokratie.de\/T\/wp-content\/uploads\/2022\/09\/P1011915-1-300x237.jpeg 300w\" sizes=\"(max-width: 441px) 100vw, 441px\" \/><\/a>\n\t\t\t\t\n\t\t\t\t<h2 class=\"su-post-title\"><a href=\"https:\/\/www.stiftung-oekologie-u-demokratie.de\/T\/jubilaeumsveranstaltung-30-jahre-stiftung-fuer-oekologie-und-demokratie-e-v\/\">Jubil\u00e4umsveranstaltung 30 Jahre Stiftung f\u00fcr \u00d6kologie und Demokratie e.V.<\/a><\/h2>\n\n\t\t\t\t<div class=\"su-post-meta\">\n\t\t\t\t\tVer\u00f6ffentlicht: 12. September 2022\t\t\t\t<\/div>\n\n\t\t\t\t<div class=\"su-post-excerpt\">\n\t\t\t\t\t<p>Im Rahmen der Jubil\u00e4umsveranstaltung zum 30-j\u00e4hrigen Bestehen der Stiftung f\u00fcr \u00d6kologie und Demokratie e.V. am 10. September 2022 im Haus des Gastes in Bad Bergzabern wurde das Potsdam-Institut f\u00fcr Klimafolgenforschung (PIK) mit dem \u201eGoldenen Baum\u201c ausgezeichnet. Die \u201e\u00d6kologia\u201c, Frau Prof. Dr. Estelle Herlyn, sprach die Laudatio. Der Stiftungsvorsitzede Hans-Joachim Ritter und die \u201e\u00d6kologia\u201c nahmen die&hellip;<\/p>\n\t\t\t\t<\/div>\n\n\t\t\t\t\n\t\t\t<\/div>\n\n\t\t\t\t\t\n\t\t\t\n\t\t\t<div id=\"su-post-57834\" class=\"su-post \">\n\n\t\t\t\t\t\t\t\t\t<a class=\"su-post-thumbnail\" href=\"https:\/\/www.stiftung-oekologie-u-demokratie.de\/T\/der-ehemalige-uba-vizepraesident-dr-thomas-holzmann-mit-dem-goldenen-baum-ausgezeichnet\/\"><img loading=\"lazy\" decoding=\"async\" width=\"999\" height=\"747\" src=\"https:\/\/www.stiftung-oekologie-u-demokratie.de\/T\/wp-content\/uploads\/2021\/06\/gb_preis_k2.jpg\" class=\"attachment-post-thumbnail size-post-thumbnail wp-post-image\" alt=\"\" srcset=\"https:\/\/www.stiftung-oekologie-u-demokratie.de\/T\/wp-content\/uploads\/2021\/06\/gb_preis_k2.jpg 999w, https:\/\/www.stiftung-oekologie-u-demokratie.de\/T\/wp-content\/uploads\/2021\/06\/gb_preis_k2-300x224.jpg 300w, https:\/\/www.stiftung-oekologie-u-demokratie.de\/T\/wp-content\/uploads\/2021\/06\/gb_preis_k2-768x574.jpg 768w, https:\/\/www.stiftung-oekologie-u-demokratie.de\/T\/wp-content\/uploads\/2021\/06\/gb_preis_k2-600x449.jpg 600w\" sizes=\"(max-width: 999px) 100vw, 999px\" \/><\/a>\n\t\t\t\t\n\t\t\t\t<h2 class=\"su-post-title\"><a href=\"https:\/\/www.stiftung-oekologie-u-demokratie.de\/T\/der-ehemalige-uba-vizepraesident-dr-thomas-holzmann-mit-dem-goldenen-baum-ausgezeichnet\/\">Der ehemalige UBA-Vizepr\u00e4sident Dr. Thomas Holzmann mit dem \u201eGoldenen Baum\u201c ausgezeichnet<\/a><\/h2>\n\n\t\t\t\t<div class=\"su-post-meta\">\n\t\t\t\t\tVer\u00f6ffentlicht: 27. Juni 2021\t\t\t\t<\/div>\n\n\t\t\t\t<div class=\"su-post-excerpt\">\n\t\t\t\t\t<p>\u00a0 Am 25. Juni wird der ehemalige Vizepr\u00e4sident des Umweltbundesamtes, Herr Dr. Thomas Holzmann, vor allem wegen seines langj\u00e4hrigen umweltpolitischen Engagements mit dem \u201eGoldenen Baum\u201c ausgezeichnet. Die Feierstunde fand in der Aula der Deutschen Universit\u00e4t f\u00fcr Verwaltungswissenschaften Speyer statt. Der Stiftungsvorsitzende Hans-Joachim Ritter hielt die Laudatio. Die Speyerer Oberb\u00fcrgermeisterin, Frau Stefanie Seiler, und die \u201e\u00d6kologia\u201c&hellip;<\/p>\n\t\t\t\t<\/div>\n\n\t\t\t\t\n\t\t\t<\/div>\n\n\t\t\t\t\t\n\t\t\t\n\t\t\t<div id=\"su-post-1053\" class=\"su-post \">\n\n\t\t\t\t\t\t\t\t\t<a class=\"su-post-thumbnail\" href=\"https:\/\/www.stiftung-oekologie-u-demokratie.de\/T\/heidelberger-oberbuergermeister-prof-dr-eckart-wuerzner-mit-dem-preis-goldener-baum-ausgezeichnet\/\"><img loading=\"lazy\" decoding=\"async\" width=\"800\" height=\"533\" src=\"https:\/\/www.stiftung-oekologie-u-demokratie.de\/T\/wp-content\/uploads\/2019\/03\/pd_2019_03_22_auszeichnung_goldener_baum_by_rothe-1.jpg\" class=\"attachment-post-thumbnail size-post-thumbnail wp-post-image\" alt=\"\" srcset=\"https:\/\/www.stiftung-oekologie-u-demokratie.de\/T\/wp-content\/uploads\/2019\/03\/pd_2019_03_22_auszeichnung_goldener_baum_by_rothe-1.jpg 800w, https:\/\/www.stiftung-oekologie-u-demokratie.de\/T\/wp-content\/uploads\/2019\/03\/pd_2019_03_22_auszeichnung_goldener_baum_by_rothe-1-600x400.jpg 600w, https:\/\/www.stiftung-oekologie-u-demokratie.de\/T\/wp-content\/uploads\/2019\/03\/pd_2019_03_22_auszeichnung_goldener_baum_by_rothe-1-300x200.jpg 300w, https:\/\/www.stiftung-oekologie-u-demokratie.de\/T\/wp-content\/uploads\/2019\/03\/pd_2019_03_22_auszeichnung_goldener_baum_by_rothe-1-450x300.jpg 450w, https:\/\/www.stiftung-oekologie-u-demokratie.de\/T\/wp-content\/uploads\/2019\/03\/pd_2019_03_22_auszeichnung_goldener_baum_by_rothe-1-272x182.jpg 272w\" sizes=\"(max-width: 800px) 100vw, 800px\" \/><\/a>\n\t\t\t\t\n\t\t\t\t<h2 class=\"su-post-title\"><a href=\"https:\/\/www.stiftung-oekologie-u-demokratie.de\/T\/heidelberger-oberbuergermeister-prof-dr-eckart-wuerzner-mit-dem-preis-goldener-baum-ausgezeichnet\/\">Heidelberger Oberb\u00fcrgermeister Prof. Dr. Eckart W\u00fcrzner mit dem Preis \u201eGoldener Baum\u201c ausgezeichnet<\/a><\/h2>\n\n\t\t\t\t<div class=\"su-post-meta\">\n\t\t\t\t\tVer\u00f6ffentlicht: 27. M\u00e4rz 2019\t\t\t\t<\/div>\n\n\t\t\t\t<div class=\"su-post-excerpt\">\n\t\t\t\t\t<p>Am 21. M\u00e4rz 2019 wurde der Heidelberger Oberb\u00fcrgermeister Prof. Dr. Eckart W\u00fcrzner mit dem Preis \u201eGoldener Baum\u201c ausgezeichnet in W\u00fcrdiung seines herausragenden Engagements f\u00fcr den Klimaschutz. Oberb\u00fcrgermeister Prof. Dr. Eckart W\u00fcrzner hat den diesj\u00e4hrigen Umweltpreis \u201eGoldener Baum\u201c der \u201eStiftung f\u00fcr \u00d6kologie und Demokratie e. V.\u201c erhalten. Die Jury w\u00fcrdigt damit seine herausragenden Verdienste um den\u00a0kommunalen&hellip;<\/p>\n\t\t\t\t<\/div>\n\n\t\t\t\t\n\t\t\t<\/div>\n\n\t\t\t\t\t\n\t\t\t\n\t\t\t<div id=\"su-post-868\" class=\"su-post \">\n\n\t\t\t\t\t\t\t\t\t<a class=\"su-post-thumbnail\" href=\"https:\/\/www.stiftung-oekologie-u-demokratie.de\/T\/jubilaeumsveranstaltung-anlaesslich-unseres-25-jaehrigen-bestehens\/\"><img loading=\"lazy\" decoding=\"async\" width=\"640\" height=\"427\" src=\"https:\/\/www.stiftung-oekologie-u-demokratie.de\/T\/wp-content\/uploads\/2017\/09\/DSC01907-1-1-1.jpeg\" class=\"attachment-post-thumbnail size-post-thumbnail wp-post-image\" alt=\"\" srcset=\"https:\/\/www.stiftung-oekologie-u-demokratie.de\/T\/wp-content\/uploads\/2017\/09\/DSC01907-1-1-1.jpeg 640w, https:\/\/www.stiftung-oekologie-u-demokratie.de\/T\/wp-content\/uploads\/2017\/09\/DSC01907-1-1-1-600x400.jpeg 600w, https:\/\/www.stiftung-oekologie-u-demokratie.de\/T\/wp-content\/uploads\/2017\/09\/DSC01907-1-1-1-300x200.jpeg 300w, https:\/\/www.stiftung-oekologie-u-demokratie.de\/T\/wp-content\/uploads\/2017\/09\/DSC01907-1-1-1-450x300.jpeg 450w, https:\/\/www.stiftung-oekologie-u-demokratie.de\/T\/wp-content\/uploads\/2017\/09\/DSC01907-1-1-1-272x182.jpeg 272w\" sizes=\"(max-width: 640px) 100vw, 640px\" \/><\/a>\n\t\t\t\t\n\t\t\t\t<h2 class=\"su-post-title\"><a href=\"https:\/\/www.stiftung-oekologie-u-demokratie.de\/T\/jubilaeumsveranstaltung-anlaesslich-unseres-25-jaehrigen-bestehens\/\">Jubil\u00e4umsveranstaltung anl\u00e4sslich unseres 25-j\u00e4hrigen Bestehens und Verleihung des Goldenen Baumes 2017<\/a><\/h2>\n\n\t\t\t\t<div class=\"su-post-meta\">\n\t\t\t\t\tVer\u00f6ffentlicht: 12. September 2017\t\t\t\t<\/div>\n\n\t\t\t\t<div class=\"su-post-excerpt\">\n\t\t\t\t\t<p>Das Hambacher Schloss bot das geeignete Ambiente f\u00fcr die gut besuchte Jubil\u00e4umsveranstaltung anl\u00e4sslich des 25-j\u00e4hrigen Bestehens der Stiftung f\u00fcr \u00d6kologie und Demokratie e.V. am 10. September 2017. Stiftungsvorsitzender Hans-Joachim Ritter begr\u00fc\u00dfte zu Beginn die zahlreich erschienen Ehreng\u00e4ste, u.a. den fr\u00fcheren rheinland-pf\u00e4lzischen Umweltminister und sp\u00e4teren Bundesumweltminister und Bundesbauminister sowie Exekutivdirektor des UN-Umweltprogramms UNEP, Prof. Dr. Klaus&hellip;<\/p>\n\t\t\t\t<\/div>\n\n\t\t\t\t\n\t\t\t<\/div>\n\n\t\t\t\t\t\n\t\t\t\n\t\t\t<div id=\"su-post-633\" class=\"su-post \">\n\n\t\t\t\t\t\t\t\t\t<a class=\"su-post-thumbnail\" href=\"https:\/\/www.stiftung-oekologie-u-demokratie.de\/T\/stiftung-fuer-oekologie-und-demokratie-e-v-zeichnet-bundesminister-a-d-dr-norbert-bluem-mit-goldenem-baum-aus\/\"><img loading=\"lazy\" decoding=\"async\" width=\"1460\" height=\"1095\" src=\"https:\/\/www.stiftung-oekologie-u-demokratie.de\/T\/wp-content\/uploads\/2015\/09\/Bloem151.jpg\" class=\"attachment-post-thumbnail size-post-thumbnail wp-post-image\" alt=\"\" srcset=\"https:\/\/www.stiftung-oekologie-u-demokratie.de\/T\/wp-content\/uploads\/2015\/09\/Bloem151.jpg 1460w, https:\/\/www.stiftung-oekologie-u-demokratie.de\/T\/wp-content\/uploads\/2015\/09\/Bloem151-600x450.jpg 600w, https:\/\/www.stiftung-oekologie-u-demokratie.de\/T\/wp-content\/uploads\/2015\/09\/Bloem151-300x225.jpg 300w, https:\/\/www.stiftung-oekologie-u-demokratie.de\/T\/wp-content\/uploads\/2015\/09\/Bloem151-1024x768.jpg 1024w, https:\/\/www.stiftung-oekologie-u-demokratie.de\/T\/wp-content\/uploads\/2015\/09\/Bloem151-450x338.jpg 450w\" sizes=\"(max-width: 1460px) 100vw, 1460px\" \/><\/a>\n\t\t\t\t\n\t\t\t\t<h2 class=\"su-post-title\"><a href=\"https:\/\/www.stiftung-oekologie-u-demokratie.de\/T\/stiftung-fuer-oekologie-und-demokratie-e-v-zeichnet-bundesminister-a-d-dr-norbert-bluem-mit-goldenem-baum-aus\/\">Stiftung f\u00fcr \u00d6kologie und Demokratie e.V. zeichnet Bundesminister a.D. Dr. Norbert Bl\u00fcm mit \u201eGoldenem Baum 2015\u201c aus<\/a><\/h2>\n\n\t\t\t\t<div class=\"su-post-meta\">\n\t\t\t\t\tVer\u00f6ffentlicht: 5. September 2015\t\t\t\t<\/div>\n\n\t\t\t\t<div class=\"su-post-excerpt\">\n\t\t\t\t\t<p>Die Stiftung f\u00fcr \u00d6kologie und Demokratie e.V., Bonn, verlieh im Rahmen einer Feierstunde in Bonn den Preis \u201eGoldener Baum\u201c an den ehem. Bundesminister f\u00fcr Arbeit und Sozialordnung, Dr. Norbert Bl\u00fcm, f\u00fcr sein gesellschaftspolitisches Lebenswerk. Seit dem Jahre 1999 verleiht die Stiftung diesen Preis an Pers\u00f6nlichkeiten, die sich in herausragender Weise auf den Gebieten der \u00d6kologie&hellip;<\/p>\n\t\t\t\t<\/div>\n\n\t\t\t\t\n\t\t\t<\/div>\n\n\t\t\n\t\n<\/div>\n\n\n\n\n<h4 class=\"wp-block-heading\">Goldener Baum 2014<\/h4>\n\n\n\n<div class=\"wp-block-image\"><figure class=\"alignleft is-resized\"><img loading=\"lazy\" decoding=\"async\" src=\"https:\/\/www.stiftung-oekologie-u-demokratie.de\/T\/wp-content\/uploads\/2015\/06\/0251.jpg\" alt=\"\" class=\"wp-image-336\" width=\"225\" height=\"169\"\/><\/figure><\/div>\n\n\n\n<p>Am 20. Januar 2015 hat die Stiftung f\u00fcr \u00d6kologie und Demokratie e.V. im Rahmen einer Feierstunde in der Aula der Deutschen Universit\u00e4t f\u00fcr Verwaltungswissenschaften Speyer Prof. Dr. Hans See mit dem Umweltpreis &#8222;Goldener Baum&#8220; ausgezeichnet. Stiftungsvorsitzender Hans-Joachim Ritter w\u00fcrdigte in seiner Laudatio den Preistr\u00e4ger f\u00fcr sein Lebenswerk im Kampf gegen Korruption und Wirtschaftskrimimalit\u00e4t. Die &#8222;\u00d6kologia&#8220; &#8211; Botschafterin der \u00d6kologie -, Frau Landr\u00e4tin Riedmaier, w\u00fcrdigte ebenfalls den Preistr\u00e4ger und stellte heraus, da\u00df die Themen des Preistr\u00e4gers einen aktuellen Bezug h\u00e4tten zu den Terror-Ereignissen in Frankreich. Der Rektor der Universit\u00e4t, Prof. Dr. Joachim Wieland, w\u00fcrdigte das Engagement der Stiftung. Die Universit\u00e4t m\u00f6chte sich mit Speyerer Institutionen vernetzen, insbesondere, die sich den Themen \u00d6kologie, Demokratie und Marktwirtschaft verschrieben haben. Die Feierstunde wurde musikalisch am Fl\u00fcgel umrahmt durch Dr. Clemens Kuhn.<\/p>\n\n\n\n<p><\/p>\n\n\n\n<div class=\"wp-block-image\"><figure class=\"alignleft is-resized\"><img loading=\"lazy\" decoding=\"async\" src=\"https:\/\/www.stiftung-oekologie-u-demokratie.de\/T\/wp-content\/uploads\/2015\/06\/067.jpg\" alt=\"\" class=\"wp-image-336\" width=\"267\" height=\"200\"\/><\/figure><\/div>\n\n\n\n<p>Goldener Baum 2013 Im Rahmen der Jubil\u00e4umsveranstaltung 10 Jahre EnergieAgentur Speyer-Neustadt\/S\u00fcdpfalz am 9. M\u00e4rz 2013 im Victoriasaal des Kommunikationszentrums der VR-Bank S\u00fcdpfalz in R\u00fclzheim wurde Prof. Dr.-Ing. M. Norbert Fisch mit dem Umweltpreis &#8222;Goldener Baum&#8220; ausgezeichnet. Die Veranstaltung wurde musikalisch durch das Trio simply swing umrahmt.<\/p>\n<\/div>","protected":false},"excerpt":{"rendered":"<p>Die Stiftung f\u00fcr \u00d6kologie und Demokratie e.V. vergibt Preise, um beispielgebende Pers\u00f6nlichkeiten und Initiativen \u00f6ffentlich zu w\u00fcrdigen und vorbildliche Projekte als nachahmenswert zu pr\u00e4sentieren. Die Stiftung f\u00fcr \u00d6kologie und Demokratie e.V. vergibt folgende Preise: &#8222;Goldener Baum&#8220; Dieser Preis, der aus einer Urkunde und einem goldenen Baum als Anstecknadel besteht, wird j\u00e4hrlich seit 1999 an eine&hellip;<\/p>\n","protected":false},"author":1,"featured_media":0,"comment_status":"closed","ping_status":"closed","template":"","dt_portfolio_category":[153],"dt_portfolio_tags":[],"class_list":["post-57593","dt_portfolio","type-dt_portfolio","status-publish","hentry","dt_portfolio_category-preis","category-3","category-10","category-12","description-off"],"yoast_head":"<!-- This site is optimized with the Yoast SEO plugin v25.9 - https:\/\/yoast.com\/wordpress\/plugins\/seo\/ -->\n<title>Goldener Baum - Stiftung f\u00fcr \u00d6kologie und Demokratie e.V.<\/title>\n<meta name=\"robots\" content=\"index, follow, max-snippet:-1, max-image-preview:large, max-video-preview:-1\" \/>\n<link rel=\"canonical\" href=\"https:\/\/www.stiftung-oekologie-u-demokratie.de\/T\/project\/goldener-baum\/\" \/>\n<meta property=\"og:locale\" content=\"de_DE\" \/>\n<meta property=\"og:type\" content=\"article\" \/>\n<meta property=\"og:title\" content=\"Goldener Baum - Stiftung f\u00fcr \u00d6kologie und Demokratie e.V.\" \/>\n<meta property=\"og:description\" content=\"Die Stiftung f\u00fcr \u00d6kologie und Demokratie e.V. vergibt Preise, um beispielgebende Pers\u00f6nlichkeiten und Initiativen \u00f6ffentlich zu w\u00fcrdigen und vorbildliche Projekte als nachahmenswert zu pr\u00e4sentieren. Die Stiftung f\u00fcr \u00d6kologie und Demokratie e.V. vergibt folgende Preise: &#8222;Goldener Baum&#8220; Dieser Preis, der aus einer Urkunde und einem goldenen Baum als Anstecknadel besteht, wird j\u00e4hrlich seit 1999 an eine&hellip;\" \/>\n<meta property=\"og:url\" content=\"https:\/\/www.stiftung-oekologie-u-demokratie.de\/T\/project\/goldener-baum\/\" \/>\n<meta property=\"og:site_name\" content=\"Stiftung f\u00fcr \u00d6kologie und Demokratie e.V.\" \/>\n<meta property=\"article:modified_time\" content=\"2021-01-05T13:18:40+00:00\" \/>\n<meta property=\"og:image\" content=\"https:\/\/www.stiftung-oekologie-u-demokratie.de\/T\/wp-content\/uploads\/2015\/06\/0251.jpg\" \/>\n<meta name=\"twitter:card\" content=\"summary_large_image\" \/>\n<meta name=\"twitter:label1\" content=\"Gesch\u00e4tzte Lesezeit\" \/>\n\t<meta name=\"twitter:data1\" content=\"1\u00a0Minute\" \/>\n<script type=\"application\/ld+json\" class=\"yoast-schema-graph\">{\"@context\":\"https:\/\/schema.org\",\"@graph\":[{\"@type\":\"WebPage\",\"@id\":\"https:\/\/www.stiftung-oekologie-u-demokratie.de\/T\/project\/goldener-baum\/\",\"url\":\"https:\/\/www.stiftung-oekologie-u-demokratie.de\/T\/project\/goldener-baum\/\",\"name\":\"Goldener Baum - Stiftung f\u00fcr \u00d6kologie und Demokratie e.V.\",\"isPartOf\":{\"@id\":\"https:\/\/www.stiftung-oekologie-u-demokratie.de\/T\/#website\"},\"primaryImageOfPage\":{\"@id\":\"https:\/\/www.stiftung-oekologie-u-demokratie.de\/T\/project\/goldener-baum\/#primaryimage\"},\"image\":{\"@id\":\"https:\/\/www.stiftung-oekologie-u-demokratie.de\/T\/project\/goldener-baum\/#primaryimage\"},\"thumbnailUrl\":\"https:\/\/www.stiftung-oekologie-u-demokratie.de\/T\/wp-content\/uploads\/2015\/06\/0251.jpg\",\"datePublished\":\"2021-01-05T13:18:38+00:00\",\"dateModified\":\"2021-01-05T13:18:40+00:00\",\"breadcrumb\":{\"@id\":\"https:\/\/www.stiftung-oekologie-u-demokratie.de\/T\/project\/goldener-baum\/#breadcrumb\"},\"inLanguage\":\"de\",\"potentialAction\":[{\"@type\":\"ReadAction\",\"target\":[\"https:\/\/www.stiftung-oekologie-u-demokratie.de\/T\/project\/goldener-baum\/\"]}]},{\"@type\":\"ImageObject\",\"inLanguage\":\"de\",\"@id\":\"https:\/\/www.stiftung-oekologie-u-demokratie.de\/T\/project\/goldener-baum\/#primaryimage\",\"url\":\"https:\/\/www.stiftung-oekologie-u-demokratie.de\/T\/wp-content\/uploads\/2015\/06\/0251-scaled.jpg\",\"contentUrl\":\"https:\/\/www.stiftung-oekologie-u-demokratie.de\/T\/wp-content\/uploads\/2015\/06\/0251-scaled.jpg\",\"width\":2560,\"height\":1920},{\"@type\":\"BreadcrumbList\",\"@id\":\"https:\/\/www.stiftung-oekologie-u-demokratie.de\/T\/project\/goldener-baum\/#breadcrumb\",\"itemListElement\":[{\"@type\":\"ListItem\",\"position\":1,\"name\":\"Home\",\"item\":\"https:\/\/www.stiftung-oekologie-u-demokratie.de\/T\/\"},{\"@type\":\"ListItem\",\"position\":2,\"name\":\"Portfolio\",\"item\":\"https:\/\/www.stiftung-oekologie-u-demokratie.de\/T\/project\/\"},{\"@type\":\"ListItem\",\"position\":3,\"name\":\"Goldener Baum\"}]},{\"@type\":\"WebSite\",\"@id\":\"https:\/\/www.stiftung-oekologie-u-demokratie.de\/T\/#website\",\"url\":\"https:\/\/www.stiftung-oekologie-u-demokratie.de\/T\/\",\"name\":\"Stiftung f\u00fcr \u00d6kologie und Demokratie e.V.\",\"description\":\"Stiftung f\u00fcr \u00d6kologie und Demokratie e.V.\",\"potentialAction\":[{\"@type\":\"SearchAction\",\"target\":{\"@type\":\"EntryPoint\",\"urlTemplate\":\"https:\/\/www.stiftung-oekologie-u-demokratie.de\/T\/?s={search_term_string}\"},\"query-input\":{\"@type\":\"PropertyValueSpecification\",\"valueRequired\":true,\"valueName\":\"search_term_string\"}}],\"inLanguage\":\"de\"}]}<\/script>\n<!-- \/ Yoast SEO plugin. -->","yoast_head_json":{"title":"Goldener Baum - Stiftung f\u00fcr \u00d6kologie und Demokratie e.V.","robots":{"index":"index","follow":"follow","max-snippet":"max-snippet:-1","max-image-preview":"max-image-preview:large","max-video-preview":"max-video-preview:-1"},"canonical":"https:\/\/www.stiftung-oekologie-u-demokratie.de\/T\/project\/goldener-baum\/","og_locale":"de_DE","og_type":"article","og_title":"Goldener Baum - Stiftung f\u00fcr \u00d6kologie und Demokratie e.V.","og_description":"Die Stiftung f\u00fcr \u00d6kologie und Demokratie e.V. vergibt Preise, um beispielgebende Pers\u00f6nlichkeiten und Initiativen \u00f6ffentlich zu w\u00fcrdigen und vorbildliche Projekte als nachahmenswert zu pr\u00e4sentieren. Die Stiftung f\u00fcr \u00d6kologie und Demokratie e.V. vergibt folgende Preise: &#8222;Goldener Baum&#8220; Dieser Preis, der aus einer Urkunde und einem goldenen Baum als Anstecknadel besteht, wird j\u00e4hrlich seit 1999 an eine&hellip;","og_url":"https:\/\/www.stiftung-oekologie-u-demokratie.de\/T\/project\/goldener-baum\/","og_site_name":"Stiftung f\u00fcr \u00d6kologie und Demokratie e.V.","article_modified_time":"2021-01-05T13:18:40+00:00","og_image":[{"url":"https:\/\/www.stiftung-oekologie-u-demokratie.de\/T\/wp-content\/uploads\/2015\/06\/0251.jpg","type":"","width":"","height":""}],"twitter_card":"summary_large_image","twitter_misc":{"Gesch\u00e4tzte Lesezeit":"1\u00a0Minute"},"schema":{"@context":"https:\/\/schema.org","@graph":[{"@type":"WebPage","@id":"https:\/\/www.stiftung-oekologie-u-demokratie.de\/T\/project\/goldener-baum\/","url":"https:\/\/www.stiftung-oekologie-u-demokratie.de\/T\/project\/goldener-baum\/","name":"Goldener Baum - Stiftung f\u00fcr \u00d6kologie und Demokratie e.V.","isPartOf":{"@id":"https:\/\/www.stiftung-oekologie-u-demokratie.de\/T\/#website"},"primaryImageOfPage":{"@id":"https:\/\/www.stiftung-oekologie-u-demokratie.de\/T\/project\/goldener-baum\/#primaryimage"},"image":{"@id":"https:\/\/www.stiftung-oekologie-u-demokratie.de\/T\/project\/goldener-baum\/#primaryimage"},"thumbnailUrl":"https:\/\/www.stiftung-oekologie-u-demokratie.de\/T\/wp-content\/uploads\/2015\/06\/0251.jpg","datePublished":"2021-01-05T13:18:38+00:00","dateModified":"2021-01-05T13:18:40+00:00","breadcrumb":{"@id":"https:\/\/www.stiftung-oekologie-u-demokratie.de\/T\/project\/goldener-baum\/#breadcrumb"},"inLanguage":"de","potentialAction":[{"@type":"ReadAction","target":["https:\/\/www.stiftung-oekologie-u-demokratie.de\/T\/project\/goldener-baum\/"]}]},{"@type":"ImageObject","inLanguage":"de","@id":"https:\/\/www.stiftung-oekologie-u-demokratie.de\/T\/project\/goldener-baum\/#primaryimage","url":"https:\/\/www.stiftung-oekologie-u-demokratie.de\/T\/wp-content\/uploads\/2015\/06\/0251-scaled.jpg","contentUrl":"https:\/\/www.stiftung-oekologie-u-demokratie.de\/T\/wp-content\/uploads\/2015\/06\/0251-scaled.jpg","width":2560,"height":1920},{"@type":"BreadcrumbList","@id":"https:\/\/www.stiftung-oekologie-u-demokratie.de\/T\/project\/goldener-baum\/#breadcrumb","itemListElement":[{"@type":"ListItem","position":1,"name":"Home","item":"https:\/\/www.stiftung-oekologie-u-demokratie.de\/T\/"},{"@type":"ListItem","position":2,"name":"Portfolio","item":"https:\/\/www.stiftung-oekologie-u-demokratie.de\/T\/project\/"},{"@type":"ListItem","position":3,"name":"Goldener Baum"}]},{"@type":"WebSite","@id":"https:\/\/www.stiftung-oekologie-u-demokratie.de\/T\/#website","url":"https:\/\/www.stiftung-oekologie-u-demokratie.de\/T\/","name":"Stiftung f\u00fcr \u00d6kologie und Demokratie e.V.","description":"Stiftung f\u00fcr \u00d6kologie und Demokratie e.V.","potentialAction":[{"@type":"SearchAction","target":{"@type":"EntryPoint","urlTemplate":"https:\/\/www.stiftung-oekologie-u-demokratie.de\/T\/?s={search_term_string}"},"query-input":{"@type":"PropertyValueSpecification","valueRequired":true,"valueName":"search_term_string"}}],"inLanguage":"de"}]}},"_links":{"self":[{"href":"https:\/\/www.stiftung-oekologie-u-demokratie.de\/T\/wp-json\/wp\/v2\/dt_portfolio\/57593","targetHints":{"allow":["GET"]}}],"collection":[{"href":"https:\/\/www.stiftung-oekologie-u-demokratie.de\/T\/wp-json\/wp\/v2\/dt_portfolio"}],"about":[{"href":"https:\/\/www.stiftung-oekologie-u-demokratie.de\/T\/wp-json\/wp\/v2\/types\/dt_portfolio"}],"author":[{"embeddable":true,"href":"https:\/\/www.stiftung-oekologie-u-demokratie.de\/T\/wp-json\/wp\/v2\/users\/1"}],"replies":[{"embeddable":true,"href":"https:\/\/www.stiftung-oekologie-u-demokratie.de\/T\/wp-json\/wp\/v2\/comments?post=57593"}],"version-history":[{"count":6,"href":"https:\/\/www.stiftung-oekologie-u-demokratie.de\/T\/wp-json\/wp\/v2\/dt_portfolio\/57593\/revisions"}],"predecessor-version":[{"id":57599,"href":"https:\/\/www.stiftung-oekologie-u-demokratie.de\/T\/wp-json\/wp\/v2\/dt_portfolio\/57593\/revisions\/57599"}],"wp:attachment":[{"href":"https:\/\/www.stiftung-oekologie-u-demokratie.de\/T\/wp-json\/wp\/v2\/media?parent=57593"}],"wp:term":[{"taxonomy":"dt_portfolio_category","embeddable":true,"href":"https:\/\/www.stiftung-oekologie-u-demokratie.de\/T\/wp-json\/wp\/v2\/dt_portfolio_category?post=57593"},{"taxonomy":"dt_portfolio_tags","embeddable":true,"href":"https:\/\/www.stiftung-oekologie-u-demokratie.de\/T\/wp-json\/wp\/v2\/dt_portfolio_tags?post=57593"}],"curies":[{"name":"wp","href":"https:\/\/api.w.org\/{rel}","templated":true}]}}