{"id":57565,"date":"2021-01-05T14:00:40","date_gmt":"2021-01-05T12:00:40","guid":{"rendered":"https:\/\/www.stiftung-oekologie-u-demokratie.de\/T\/?post_type=dt_portfolio&#038;p=57565"},"modified":"2021-01-05T19:01:10","modified_gmt":"2021-01-05T17:01:10","slug":"oekologia","status":"publish","type":"dt_portfolio","link":"https:\/\/www.stiftung-oekologie-u-demokratie.de\/T\/project\/oekologia\/","title":{"rendered":"\u00d6kologia"},"content":{"rendered":"\n<h3 class=\"wp-block-heading\">&#8222;\u00d6kologia&#8220; &#8211; Botschaft der \u00d6kologie<\/h3>\n\n\n\n<p>Seit dem Jahre 2001 beruft die Stiftung f\u00fcr \u00d6kologie und Demokratie e.V. j\u00e4hrlich eine Frau mit Ausstrahlung und \u00f6kologischer Kompetenz als Botschafterin der \u00d6kologie, um auf sympathische Weise f\u00fcr die \u00d6kologie zu werben. Die Botschafterin der \u00d6kologie bezeichnen wir als &#8222;\u00d6kologia&#8220;. <a href=\"https:\/\/www.stiftung-oekologie-u-demokratie.de\/T\/nora-laubstein-oekologia-2020\/\"><\/a><\/p>\n\n\n\n<h2 class=\"wp-block-heading\"><a href=\"https:\/\/www.stiftung-oekologie-u-demokratie.de\/T\/nora-laubstein-oekologia-2020\/\">Nora Laubstein \u2013 \u00d6kologia 2020<\/a><\/h2>\n\n\n\n<p>Ver\u00f6ffentlicht: 19. Januar 2020<\/p>\n\n\n\n<p>Nora Laubstein wurde 1958 in Berlin geboren. Sie studierte Ethnologie in Hamburg mit Feldforschung in Cusco,Peru. Danach die Arbeit in der ambulanten Pflege. 1993 begann die Ausbildung zur Heilpraktikerin bei Dr. med. Gerhard Ohlenschl\u00e4ger in Frankfurt\/Main. Im Rahmen dieser Ausbildung zwei Assistenzstellen in Frankfurt und Gelnhausen. Seit der 1995 bestandenen amts\u00e4rztlichen \u00dcberpr\u00fcfung selbst\u00e4ndige Praxist\u00e4tigkeit in\u2026<a href=\"https:\/\/www.stiftung-oekologie-u-demokratie.de\/T\/nora-laubstein-oekologia-botschafterin-der-oekologie\/\"><\/a><\/p>\n\n\n\n<h2 class=\"wp-block-heading\"><a href=\"https:\/\/www.stiftung-oekologie-u-demokratie.de\/T\/nora-laubstein-oekologia-botschafterin-der-oekologie\/\">Nora Laubstein \u2013 \u201e\u00d6kologia\u201c (Botschafterin der \u00d6kologie)<\/a><\/h2>\n\n\n\n<p>Ver\u00f6ffentlicht: 19. Januar 2020<\/p>\n\n\n\n<p>Seit 20 Jahren beruft die Stiftung f\u00fcr \u00d6kologie und Demokratie e.V. j\u00e4hrlich eine \u201e\u00d6kologia\u201c \u2013 Botschafterin der \u00d6kologie -, eine Dame mit \u00f6kologischer Kompetenz und Ausstrahlung, um \u2013 wie dies Hans-Joachim Ritter, der Vorsitzende der Stiftung zum Ausdruck brachte \u2013 auf sympathische Art und Weise f\u00fcr die \u00d6kologie zu werben. Im Rahmen einer Feierstunde in\u2026<a href=\"https:\/\/www.stiftung-oekologie-u-demokratie.de\/T\/ursula-sladek-oekologia-2019\/\"><\/a><\/p>\n\n\n\n<h2 class=\"wp-block-heading\"><a href=\"https:\/\/www.stiftung-oekologie-u-demokratie.de\/T\/ursula-sladek-oekologia-2019\/\">Ursula Sladek \u2013 \u00d6kologia 2019<\/a><\/h2>\n\n\n\n<p>Ver\u00f6ffentlicht: 13. Januar 2019<\/p>\n\n\n\n<p>&nbsp; Seit dem Jahr 2001 beruft die Stiftung f\u00fcr \u00d6kologie und Demokratie e.V. j\u00e4hrlich eine Dame mit \u00f6kologischer Kompetenz und Ausstrahlung als Botschafterin der \u00d6kologie, die sog. \u201e\u00d6kologia\u201c, um auf sympathische Art und Weise f\u00fcr die \u00d6kologie zu werben. &nbsp; Im Jahr 2018 war dies die Gesch\u00e4ftsf\u00fchrerin des bioverlages gmbh, Sabine Kauffmann. Dieser Verlag ist\u2026<a href=\"https:\/\/www.stiftung-oekologie-u-demokratie.de\/T\/oekologia-2019\/\"><\/a><\/p>\n\n\n\n<h2 class=\"wp-block-heading\"><a href=\"https:\/\/www.stiftung-oekologie-u-demokratie.de\/T\/oekologia-2019\/\">\u00d6kologia 2019<\/a><\/h2>\n\n\n\n<p>Ver\u00f6ffentlicht: 13. Januar 2019<\/p>\n\n\n\n<p>Ursula Sladek, Jahrgang 1948, wurde zur \u201e\u00d6kologia\u201c 2019 berufen. Die ehemalige Grund- und Hauptschullehrerin und Mutter von 5 Kindern gr\u00fcndete nach dem Reaktorunfall von Tschernobyl zusammen mit ihrem Mann, Dr. Michael Sladek, und weiteren Mitstreitern die Elektrizit\u00e4tswerke Sch\u00f6nau (EWS) und baute als Gesch\u00e4ftsf\u00fchrerin den bundesweiten \u00d6kostromhandel auf. Nachdem die EWS 2009 in eine Genossenschaft \u00fcberf\u00fchrt wurde,\u2026<a href=\"https:\/\/www.stiftung-oekologie-u-demokratie.de\/T\/oekologia-2018\/\"><\/a><\/p>\n\n\n\n<h2 class=\"wp-block-heading\"><a href=\"https:\/\/www.stiftung-oekologie-u-demokratie.de\/T\/oekologia-2018\/\">\u00d6kologia 2018<\/a><\/h2>\n\n\n\n<p>Ver\u00f6ffentlicht: 10. Februar 2018<\/p>\n\n\n\n<p>Sabine Kauffmann ist Gesch\u00e4ftsf\u00fchrerin und Mitgr\u00fcnderin des bio verlags. Geboren in K\u00f6ln, verbrachte Frau Kauffmann die Schulzeit in Baden und W\u00fcrttemberg. Studium in Darmstadt: Wirtschaftsingenieur Maschinenbau. Verheiratet, zwei Kinder. 1979\/80 Gr\u00fcndung des pala-Verlages (Schaafheim), zun\u00e4chst neben dem Studium. Der Verlag wollte \u00d6kologie im Alltag m\u00f6glich machen und startete mit der Zeitschrift \u201eOffene und Praktische Nachbarschaft\u201c,\u2026<a href=\"https:\/\/www.stiftung-oekologie-u-demokratie.de\/T\/oekologia-2017\/\"><\/a><\/p>\n\n\n\n<h2 class=\"wp-block-heading\"><a href=\"https:\/\/www.stiftung-oekologie-u-demokratie.de\/T\/oekologia-2017\/\">\u00d6kologia 2017<\/a><\/h2>\n\n\n\n<p>Ver\u00f6ffentlicht: 23. Januar 2017<\/p>\n\n\n\n<p>Lebenslauf Umweltministerin Ulrike H\u00f6fken &nbsp; Geboren am 14.5.1955 in D\u00fcsseldorf, verheiratet, drei T\u00f6chter. 1974 Abitur, anschlie\u00dfend Studium der Landwirtschaft, Volkswirtschaftslehre und Romanistik an der Universit\u00e4t Bonn, Praktika und Praxisn\u00e4he in Industrie und Landwirtschaft, u.a. in Lateinamerika. 1981 Abschluss als Diplom-Agraringenieurin Seit der Schulzeit aktiv in der Schul- und Hochschulpolitik, in der Umwelt-, Verbraucher- und Landwirtschaftspolitik\u2026<a href=\"https:\/\/www.stiftung-oekologie-u-demokratie.de\/T\/oekologia-2016\/\"><\/a><\/p>\n\n\n\n<h2 class=\"wp-block-heading\"><a href=\"https:\/\/www.stiftung-oekologie-u-demokratie.de\/T\/oekologia-2016\/\">\u00d6kologia 2016<\/a><\/h2>\n\n\n\n<p>Ver\u00f6ffentlicht: 5. M\u00e4rz 2016<\/p>\n\n\n\n<p>Lebenslauf Professorin Dr. Beate Jessel geboren 25.05.1962 Stuttgart-Bad Cannstatt Studium 1982 \u2013 1989 Landespflege, TU M\u00fcnchen in Freising- Weihenstephan Berufliche Stationen 11\/2007 Pr\u00e4sidentin des Bundesamtes f\u00fcr Naturschutz (BfN) in Bonn 04\/2006 \u2013 10\/2007 Inhaberin des Lehrstuhls f\u00fcr Strategie und Management der Landschaftsentwicklung (Allianz-Stiftungsprofessur) an der Technischen Universit\u00e4t M\u00fcnchen 04\/1999 \u2013 03\/2006 Professorin f\u00fcr Landschaftsplanung an\u2026<a href=\"https:\/\/www.stiftung-oekologie-u-demokratie.de\/T\/oekologia-2015\/\"><\/a><\/p>\n\n\n\n<h2 class=\"wp-block-heading\"><a href=\"https:\/\/www.stiftung-oekologie-u-demokratie.de\/T\/oekologia-2015\/\">\u00d6kologia 2015<\/a><\/h2>\n\n\n\n<p>Ver\u00f6ffentlicht: 23. Januar 2015<\/p>\n\n\n\n<p>In diesem Jahr hat die Stiftung die Bundesvorsitzende der Aktion Lebensrecht f\u00fcr Alle (ALfA), Frau Dr. Claudia Kaminski, ausgew\u00e4hlt, um ein deutliches Zeichen zugunsten des Schutzes des menschlichen Lebens zu setzen, denn dieses ist durch Abtreibungen und Sterbehilfe bedroht. Dr. Claudia Kaminski Bundesvorsitzende der Aktion Lebensrecht f\u00fcr Alle (ALfA) geb. 1966 in Arnsberg 1985: St\u00e4dt.\u2026<a href=\"https:\/\/www.stiftung-oekologie-u-demokratie.de\/T\/oekologia-2014\/\"><\/a><\/p>\n\n\n\n<h2 class=\"wp-block-heading\"><a href=\"https:\/\/www.stiftung-oekologie-u-demokratie.de\/T\/oekologia-2014\/\">\u00d6kologia 2014<\/a><\/h2>\n\n\n\n<p>Ver\u00f6ffentlicht: 1. Juni 2014<\/p>\n\n\n\n<p>Theresia Riedmaier ist Landr\u00e4tin des Landkreises S\u00fcdliche Weinstra\u00dfe und \u00fcbernahm am 7.1.2014 von Schwester Philippa Rath OSB, Benediktinerin der Abtei St. Hildegard, R\u00fcdesheim-Eibingen, in Landau in der Pfalz das Amt der \u00d6kologia. Lebenslauf: geb. 1952 in Oberappersdorf, Kreis Freising (Oberbayern) seit 1981 wohnhaft in Landau in der Pfalz Realschule, Mittlere Reife, Bankangestellte, Abitur \u00fcber den\u2026<a href=\"https:\/\/www.stiftung-oekologie-u-demokratie.de\/T\/oekologia-2013\/\"><\/a><\/p>\n\n\n\n<h2 class=\"wp-block-heading\"><a href=\"https:\/\/www.stiftung-oekologie-u-demokratie.de\/T\/oekologia-2013\/\">\u00d6kologia 2013<\/a><\/h2>\n\n\n\n<p>Ver\u00f6ffentlicht: 11. Januar 2013<\/p>\n\n\n\n<p>Sr. Philippa Rath, Benediktinerin der Abtei St. Hildegard, R\u00fcdesheim-Eibingen \u00fcbernahm bei der \u201e\u00d6kologia\u201c-Amts\u00fcbergabe am 11.01.2013 von Frau Staatsministerin Evelin Lemke, \u201e\u00d6kologia 2012\u201c, die Funktion der \u00d6kologia 2013. Schwester Philippa Rath Benediktinerin der Abtei St. Hildegard, R\u00fcdesheim-Eibingen Lebenslauf geb. 1955 in D\u00fcsseldorf 1975-1981: Studium der Politischen Wissenschaften, Geschichte und Theologie in Bonn 1981: Magister Artium 1981-1983:\u2026<strong>vorherige \u00d6kologias &#8211; Botschafterinnen der \u00d6kologie<\/strong><\/p>\n\n\n\n<ul class=\"wp-block-list\"><li>2010 Jacqueline Kraege, Staatssekret\u00e4rin im Ministerium f\u00fcr Umwelt, Forsten und Verbraucherschutz Rheinland-Pfalz (verstorben am 6.5.2020)<\/li><li>2009 B\u00e4rbel Dieckmann, Oberb\u00fcrgermeisterin a.D. der Bundesstadt Bonn, Pr\u00e4sidentin der Welthungerhilfe<\/li><li>2008 Gr\u00e4fin Bettina Bernadotte, Gesch\u00e4ftsf\u00fchrerin der Mainau GmbH<\/li><li>2007 Tanja G\u00f6nner, Umweltministerin des Landes Baden-W\u00fcrttemberg<\/li><li>2006 Dr. Angelika Zahrnt, BUND-Bundesvorsitzende<\/li><li>2005 Dr. Eva Lohse, Oberb\u00fcrgermeisterin der Stadt Ludwigshafen am Rhein<\/li><li>2004 Margit Conrad, Umweltministerin des Landes Rheinland-Pfalz<\/li><li>2003 Beate Weber, Oberb\u00fcrgermeisterin der Stadt Heidelberg, Mitglied des Kuratoriums der Stiftung f\u00fcr \u00d6kologie u. Demokratie e.V.<\/li><li>2002 Ilka Wedekind, Abteilungsleiterin im Landesamt f\u00fcr Umwelt- und Naturschutz und Geologie des Landes Mecklenburg-Vorpommern, zust\u00e4ndig f\u00fcr alle Gro\u00dfschutzgebiete (verstorben am 30.12.2009)<\/li><li>2001 Klaudia Martini, Umweltministerin des Landes Rheinland-Pfalz<\/li><\/ul>\n","protected":false},"excerpt":{"rendered":"<p>&#8222;\u00d6kologia&#8220; &#8211; Botschaft der \u00d6kologie Seit dem Jahre 2001 beruft die Stiftung f\u00fcr \u00d6kologie und Demokratie e.V. j\u00e4hrlich eine Frau mit Ausstrahlung und \u00f6kologischer Kompetenz als Botschafterin der \u00d6kologie, um auf sympathische Weise f\u00fcr die \u00d6kologie zu werben. Die Botschafterin der \u00d6kologie bezeichnen wir als &#8222;\u00d6kologia&#8220;. Nora Laubstein \u2013 \u00d6kologia 2020 Ver\u00f6ffentlicht: 19. Januar 2020&hellip;<\/p>\n","protected":false},"author":1,"featured_media":1161,"comment_status":"closed","ping_status":"closed","template":"","dt_portfolio_category":[154],"dt_portfolio_tags":[],"class_list":["post-57565","dt_portfolio","type-dt_portfolio","status-publish","has-post-thumbnail","hentry","dt_portfolio_category-projekt","dt_portfolio_category-154","description-off"],"yoast_head":"<!-- This site is optimized with the Yoast SEO plugin v25.9 - https:\/\/yoast.com\/wordpress\/plugins\/seo\/ -->\n<title>\u00d6kologia - Stiftung f\u00fcr \u00d6kologie und Demokratie e.V.<\/title>\n<meta name=\"robots\" content=\"index, follow, max-snippet:-1, max-image-preview:large, max-video-preview:-1\" \/>\n<link rel=\"canonical\" href=\"https:\/\/www.stiftung-oekologie-u-demokratie.de\/T\/project\/oekologia\/\" \/>\n<meta property=\"og:locale\" content=\"de_DE\" \/>\n<meta property=\"og:type\" content=\"article\" \/>\n<meta property=\"og:title\" content=\"\u00d6kologia - Stiftung f\u00fcr \u00d6kologie und Demokratie e.V.\" \/>\n<meta property=\"og:description\" content=\"&#8222;\u00d6kologia&#8220; &#8211; Botschaft der \u00d6kologie Seit dem Jahre 2001 beruft die Stiftung f\u00fcr \u00d6kologie und Demokratie e.V. j\u00e4hrlich eine Frau mit Ausstrahlung und \u00f6kologischer Kompetenz als Botschafterin der \u00d6kologie, um auf sympathische Weise f\u00fcr die \u00d6kologie zu werben. Die Botschafterin der \u00d6kologie bezeichnen wir als &#8222;\u00d6kologia&#8220;. Nora Laubstein \u2013 \u00d6kologia 2020 Ver\u00f6ffentlicht: 19. Januar 2020&hellip;\" \/>\n<meta property=\"og:url\" content=\"https:\/\/www.stiftung-oekologie-u-demokratie.de\/T\/project\/oekologia\/\" \/>\n<meta property=\"og:site_name\" content=\"Stiftung f\u00fcr \u00d6kologie und Demokratie e.V.\" \/>\n<meta property=\"article:modified_time\" content=\"2021-01-05T17:01:10+00:00\" \/>\n<meta property=\"og:image\" content=\"https:\/\/www.stiftung-oekologie-u-demokratie.de\/T\/wp-content\/uploads\/2020\/01\/Nora-Laubstein9-1-e1579430221325.jpg\" \/>\n\t<meta property=\"og:image:width\" content=\"711\" \/>\n\t<meta property=\"og:image:height\" content=\"795\" \/>\n\t<meta property=\"og:image:type\" content=\"image\/jpeg\" \/>\n<meta name=\"twitter:card\" content=\"summary_large_image\" \/>\n<meta name=\"twitter:label1\" content=\"Gesch\u00e4tzte Lesezeit\" \/>\n\t<meta name=\"twitter:data1\" content=\"4\u00a0Minuten\" \/>\n<script type=\"application\/ld+json\" class=\"yoast-schema-graph\">{\"@context\":\"https:\/\/schema.org\",\"@graph\":[{\"@type\":\"WebPage\",\"@id\":\"https:\/\/www.stiftung-oekologie-u-demokratie.de\/T\/project\/oekologia\/\",\"url\":\"https:\/\/www.stiftung-oekologie-u-demokratie.de\/T\/project\/oekologia\/\",\"name\":\"\u00d6kologia - Stiftung f\u00fcr \u00d6kologie und Demokratie e.V.\",\"isPartOf\":{\"@id\":\"https:\/\/www.stiftung-oekologie-u-demokratie.de\/T\/#website\"},\"primaryImageOfPage\":{\"@id\":\"https:\/\/www.stiftung-oekologie-u-demokratie.de\/T\/project\/oekologia\/#primaryimage\"},\"image\":{\"@id\":\"https:\/\/www.stiftung-oekologie-u-demokratie.de\/T\/project\/oekologia\/#primaryimage\"},\"thumbnailUrl\":\"https:\/\/www.stiftung-oekologie-u-demokratie.de\/T\/wp-content\/uploads\/2020\/01\/Nora-Laubstein9-1-e1579430221325.jpg\",\"datePublished\":\"2021-01-05T12:00:40+00:00\",\"dateModified\":\"2021-01-05T17:01:10+00:00\",\"breadcrumb\":{\"@id\":\"https:\/\/www.stiftung-oekologie-u-demokratie.de\/T\/project\/oekologia\/#breadcrumb\"},\"inLanguage\":\"de\",\"potentialAction\":[{\"@type\":\"ReadAction\",\"target\":[\"https:\/\/www.stiftung-oekologie-u-demokratie.de\/T\/project\/oekologia\/\"]}]},{\"@type\":\"ImageObject\",\"inLanguage\":\"de\",\"@id\":\"https:\/\/www.stiftung-oekologie-u-demokratie.de\/T\/project\/oekologia\/#primaryimage\",\"url\":\"https:\/\/www.stiftung-oekologie-u-demokratie.de\/T\/wp-content\/uploads\/2020\/01\/Nora-Laubstein9-1-e1579430221325.jpg\",\"contentUrl\":\"https:\/\/www.stiftung-oekologie-u-demokratie.de\/T\/wp-content\/uploads\/2020\/01\/Nora-Laubstein9-1-e1579430221325.jpg\",\"width\":711,\"height\":795},{\"@type\":\"BreadcrumbList\",\"@id\":\"https:\/\/www.stiftung-oekologie-u-demokratie.de\/T\/project\/oekologia\/#breadcrumb\",\"itemListElement\":[{\"@type\":\"ListItem\",\"position\":1,\"name\":\"Home\",\"item\":\"https:\/\/www.stiftung-oekologie-u-demokratie.de\/T\/\"},{\"@type\":\"ListItem\",\"position\":2,\"name\":\"Portfolio\",\"item\":\"https:\/\/www.stiftung-oekologie-u-demokratie.de\/T\/project\/\"},{\"@type\":\"ListItem\",\"position\":3,\"name\":\"\u00d6kologia\"}]},{\"@type\":\"WebSite\",\"@id\":\"https:\/\/www.stiftung-oekologie-u-demokratie.de\/T\/#website\",\"url\":\"https:\/\/www.stiftung-oekologie-u-demokratie.de\/T\/\",\"name\":\"Stiftung f\u00fcr \u00d6kologie und Demokratie e.V.\",\"description\":\"Stiftung f\u00fcr \u00d6kologie und Demokratie e.V.\",\"potentialAction\":[{\"@type\":\"SearchAction\",\"target\":{\"@type\":\"EntryPoint\",\"urlTemplate\":\"https:\/\/www.stiftung-oekologie-u-demokratie.de\/T\/?s={search_term_string}\"},\"query-input\":{\"@type\":\"PropertyValueSpecification\",\"valueRequired\":true,\"valueName\":\"search_term_string\"}}],\"inLanguage\":\"de\"}]}<\/script>\n<!-- \/ Yoast SEO plugin. -->","yoast_head_json":{"title":"\u00d6kologia - Stiftung f\u00fcr \u00d6kologie und Demokratie e.V.","robots":{"index":"index","follow":"follow","max-snippet":"max-snippet:-1","max-image-preview":"max-image-preview:large","max-video-preview":"max-video-preview:-1"},"canonical":"https:\/\/www.stiftung-oekologie-u-demokratie.de\/T\/project\/oekologia\/","og_locale":"de_DE","og_type":"article","og_title":"\u00d6kologia - Stiftung f\u00fcr \u00d6kologie und Demokratie e.V.","og_description":"&#8222;\u00d6kologia&#8220; &#8211; Botschaft der \u00d6kologie Seit dem Jahre 2001 beruft die Stiftung f\u00fcr \u00d6kologie und Demokratie e.V. j\u00e4hrlich eine Frau mit Ausstrahlung und \u00f6kologischer Kompetenz als Botschafterin der \u00d6kologie, um auf sympathische Weise f\u00fcr die \u00d6kologie zu werben. Die Botschafterin der \u00d6kologie bezeichnen wir als &#8222;\u00d6kologia&#8220;. Nora Laubstein \u2013 \u00d6kologia 2020 Ver\u00f6ffentlicht: 19. Januar 2020&hellip;","og_url":"https:\/\/www.stiftung-oekologie-u-demokratie.de\/T\/project\/oekologia\/","og_site_name":"Stiftung f\u00fcr \u00d6kologie und Demokratie e.V.","article_modified_time":"2021-01-05T17:01:10+00:00","og_image":[{"width":711,"height":795,"url":"https:\/\/www.stiftung-oekologie-u-demokratie.de\/T\/wp-content\/uploads\/2020\/01\/Nora-Laubstein9-1-e1579430221325.jpg","type":"image\/jpeg"}],"twitter_card":"summary_large_image","twitter_misc":{"Gesch\u00e4tzte Lesezeit":"4\u00a0Minuten"},"schema":{"@context":"https:\/\/schema.org","@graph":[{"@type":"WebPage","@id":"https:\/\/www.stiftung-oekologie-u-demokratie.de\/T\/project\/oekologia\/","url":"https:\/\/www.stiftung-oekologie-u-demokratie.de\/T\/project\/oekologia\/","name":"\u00d6kologia - Stiftung f\u00fcr \u00d6kologie und Demokratie e.V.","isPartOf":{"@id":"https:\/\/www.stiftung-oekologie-u-demokratie.de\/T\/#website"},"primaryImageOfPage":{"@id":"https:\/\/www.stiftung-oekologie-u-demokratie.de\/T\/project\/oekologia\/#primaryimage"},"image":{"@id":"https:\/\/www.stiftung-oekologie-u-demokratie.de\/T\/project\/oekologia\/#primaryimage"},"thumbnailUrl":"https:\/\/www.stiftung-oekologie-u-demokratie.de\/T\/wp-content\/uploads\/2020\/01\/Nora-Laubstein9-1-e1579430221325.jpg","datePublished":"2021-01-05T12:00:40+00:00","dateModified":"2021-01-05T17:01:10+00:00","breadcrumb":{"@id":"https:\/\/www.stiftung-oekologie-u-demokratie.de\/T\/project\/oekologia\/#breadcrumb"},"inLanguage":"de","potentialAction":[{"@type":"ReadAction","target":["https:\/\/www.stiftung-oekologie-u-demokratie.de\/T\/project\/oekologia\/"]}]},{"@type":"ImageObject","inLanguage":"de","@id":"https:\/\/www.stiftung-oekologie-u-demokratie.de\/T\/project\/oekologia\/#primaryimage","url":"https:\/\/www.stiftung-oekologie-u-demokratie.de\/T\/wp-content\/uploads\/2020\/01\/Nora-Laubstein9-1-e1579430221325.jpg","contentUrl":"https:\/\/www.stiftung-oekologie-u-demokratie.de\/T\/wp-content\/uploads\/2020\/01\/Nora-Laubstein9-1-e1579430221325.jpg","width":711,"height":795},{"@type":"BreadcrumbList","@id":"https:\/\/www.stiftung-oekologie-u-demokratie.de\/T\/project\/oekologia\/#breadcrumb","itemListElement":[{"@type":"ListItem","position":1,"name":"Home","item":"https:\/\/www.stiftung-oekologie-u-demokratie.de\/T\/"},{"@type":"ListItem","position":2,"name":"Portfolio","item":"https:\/\/www.stiftung-oekologie-u-demokratie.de\/T\/project\/"},{"@type":"ListItem","position":3,"name":"\u00d6kologia"}]},{"@type":"WebSite","@id":"https:\/\/www.stiftung-oekologie-u-demokratie.de\/T\/#website","url":"https:\/\/www.stiftung-oekologie-u-demokratie.de\/T\/","name":"Stiftung f\u00fcr \u00d6kologie und Demokratie e.V.","description":"Stiftung f\u00fcr \u00d6kologie und Demokratie e.V.","potentialAction":[{"@type":"SearchAction","target":{"@type":"EntryPoint","urlTemplate":"https:\/\/www.stiftung-oekologie-u-demokratie.de\/T\/?s={search_term_string}"},"query-input":{"@type":"PropertyValueSpecification","valueRequired":true,"valueName":"search_term_string"}}],"inLanguage":"de"}]}},"_links":{"self":[{"href":"https:\/\/www.stiftung-oekologie-u-demokratie.de\/T\/wp-json\/wp\/v2\/dt_portfolio\/57565","targetHints":{"allow":["GET"]}}],"collection":[{"href":"https:\/\/www.stiftung-oekologie-u-demokratie.de\/T\/wp-json\/wp\/v2\/dt_portfolio"}],"about":[{"href":"https:\/\/www.stiftung-oekologie-u-demokratie.de\/T\/wp-json\/wp\/v2\/types\/dt_portfolio"}],"author":[{"embeddable":true,"href":"https:\/\/www.stiftung-oekologie-u-demokratie.de\/T\/wp-json\/wp\/v2\/users\/1"}],"replies":[{"embeddable":true,"href":"https:\/\/www.stiftung-oekologie-u-demokratie.de\/T\/wp-json\/wp\/v2\/comments?post=57565"}],"version-history":[{"count":1,"href":"https:\/\/www.stiftung-oekologie-u-demokratie.de\/T\/wp-json\/wp\/v2\/dt_portfolio\/57565\/revisions"}],"predecessor-version":[{"id":57566,"href":"https:\/\/www.stiftung-oekologie-u-demokratie.de\/T\/wp-json\/wp\/v2\/dt_portfolio\/57565\/revisions\/57566"}],"wp:featuredmedia":[{"embeddable":true,"href":"https:\/\/www.stiftung-oekologie-u-demokratie.de\/T\/wp-json\/wp\/v2\/media\/1161"}],"wp:attachment":[{"href":"https:\/\/www.stiftung-oekologie-u-demokratie.de\/T\/wp-json\/wp\/v2\/media?parent=57565"}],"wp:term":[{"taxonomy":"dt_portfolio_category","embeddable":true,"href":"https:\/\/www.stiftung-oekologie-u-demokratie.de\/T\/wp-json\/wp\/v2\/dt_portfolio_category?post=57565"},{"taxonomy":"dt_portfolio_tags","embeddable":true,"href":"https:\/\/www.stiftung-oekologie-u-demokratie.de\/T\/wp-json\/wp\/v2\/dt_portfolio_tags?post=57565"}],"curies":[{"name":"wp","href":"https:\/\/api.w.org\/{rel}","templated":true}]}}