{"id":57562,"date":"2021-01-05T13:08:42","date_gmt":"2021-01-05T11:08:42","guid":{"rendered":"https:\/\/www.stiftung-oekologie-u-demokratie.de\/T\/?post_type=dt_portfolio&#038;p=57562"},"modified":"2021-03-05T01:42:39","modified_gmt":"2021-03-04T23:42:39","slug":"projekt-klimawandelanpassungscoach-rlp","status":"publish","type":"dt_portfolio","link":"https:\/\/www.stiftung-oekologie-u-demokratie.de\/T\/project\/projekt-klimawandelanpassungscoach-rlp\/","title":{"rendered":"Projekt \u201eKlimawandelAnpassungsCOACH RLP\u201c"},"content":{"rendered":"\n<figure class=\"wp-block-embed is-type-video is-provider-youtube wp-block-embed-youtube wp-embed-aspect-16-9 wp-has-aspect-ratio\"><div class=\"wp-block-embed__wrapper\">\n<iframe title=\"Preistr\u00e4ger Wettbewerb Blauer Kompass 2020| KlimawandelAnpassungsCOACH RLP\" width=\"1200\" height=\"675\" src=\"https:\/\/www.youtube.com\/embed\/OWdEigV7ZL4?feature=oembed\" frameborder=\"0\" allow=\"accelerometer; autoplay; clipboard-write; encrypted-media; gyroscope; picture-in-picture\" allowfullscreen><\/iframe>\n<\/div><\/figure>\n\n\n<p>\u00a0<\/p>\n<p>Das kommunale Projekt \u201eKlimawandelAnpassungsCOACH RLP\u201c der Stiftung f\u00fcr \u00d6kologie und Demokratie e.V. wird durch das Bundesministerium f\u00fcr Umwelt, Naturschutz und nukleare Sicherheit aus dem Sonderverm\u00f6gen &#8222;Energie- und Klimafonds&#8220; gef\u00f6rdert. Die Projektlaufzeit erstreckt sich \u00fcber 3 Jahre.<\/p>\n<p>Der Stiftungsvorsitzende Hans-Joachim Ritter (R\u00fclzheim) zeigte sich erfreut, dass das zweistufige Antragsverfahren erfolgreich gewesen sei.<\/p>\n<p>Der Projektstart erfolgte zum 1.4.2018.<\/p>\n<p>\u00a0<\/p>\n<p><strong>Worum geht es bei diesem Projekt?<\/strong><\/p>\n<p>Die Integration des Themas Klimaanpassung in Prozesse der st\u00e4dtischen Planung stellt Kommunen vor gro\u00dfe Herausforderungen. Mit der Klimaschutznovelle des Baugesetzbuches wurde die Anpassung an den Klimawandel als ein Abw\u00e4gungstatbestand in der kommunalen Bauleitplanung definiert. Die Umsetzung dieser Vorgabe sieht sich jedoch einer Reihe von Problemen gegen\u00fcber: Unsicherheiten, die in Aussagen zu zuk\u00fcnftigen Klimaver\u00e4nderungen liegen sowie unterschiedliche Raumstrukturen des Landes erschweren die Bewertung der Notwendigkeit von Anpassungsma\u00dfnahmen. Zudem haben insbesondere kleine Kommunen h\u00e4ufig nicht die personellen und zeitlichen Ressourcen, um gro\u00df angelegte Strategien zur Klimaanpassung zu entwickeln. Ma\u00dfnahmen h\u00e4ngen von lokalspezifischen Vulnerabilit\u00e4ten ab und die Integration von Anpassungsma\u00dfnahmen in Projekte und Aufgabenfelder muss in hohem Ma\u00dfe individuell erarbeitet werden.<\/p>\n<p>Ziel des hier skizzierten Projektes ist es, Kommunen in ganz Rheinland-Pfalz bei der Initiierung der ersten Schritte zur Klimaanpassung folgenderma\u00dfen zu unterst\u00fctzen: Schulung zum Hintergrundwissen, Unterst\u00fctzung bei der Datensammlung, Aufbau eines \u201eNetzwerks Klimaanpassung\u201c, Erfassung des Status quo der Kommune, Entwicklung von Ma\u00dfnahmen im gemeinsamen Dialog. Zur Durchf\u00fchrung dieses Ziels konnte mit Christian Kotremba die Position des \u201eKommunalen KlimawandelAnpassungsCOACHs\u201c eingesetzt werden, welcher das Projekt koordinieren und als Anlaufstelle f\u00fcr Kommunen fungieren soll. Ausgew\u00e4hlte Kommunen werden sechs Monate bei der Initiierung der Klimaanpassung begleitet werden. Die Verbreitung der erarbeiteten Anpassungsstrategien durch Berichte der Modellkommunen, regionale Informationsveranstaltungen sowie der aktiven Unterst\u00fctzung des interkommunalen Dialogs sind wichtige Ziele w\u00e4hrend und im Anschluss an das Projekt. Flankierend soll durch Gespr\u00e4che mit anderen Kommunen eine \u00dcbersicht \u00fcber derzeit bereits eingeleitete Klimaanpassungsma\u00dfnahmen zusammengestellt und in Form einer Datenbank der \u00d6ffentlichkeit zug\u00e4nglich gemacht werden.<\/p>\n<p><a href=\"https:\/\/www.stiftung-oekologie-u-demokratie.de\/T\/wp-content\/uploads\/2017\/12\/BundesministeriumUNnS.png\"><img fetchpriority=\"high\" decoding=\"async\" class=\"wp-image-1005 size-medium alignleft\" src=\"https:\/\/www.stiftung-oekologie-u-demokratie.de\/T\/wp-content\/uploads\/2017\/12\/BundesministeriumUNnS-300x265.png\" alt=\"\" width=\"300\" height=\"265\" srcset=\"https:\/\/www.stiftung-oekologie-u-demokratie.de\/T\/wp-content\/uploads\/2017\/12\/BundesministeriumUNnS-300x265.png 300w, https:\/\/www.stiftung-oekologie-u-demokratie.de\/T\/wp-content\/uploads\/2017\/12\/BundesministeriumUNnS-600x530.png 600w, https:\/\/www.stiftung-oekologie-u-demokratie.de\/T\/wp-content\/uploads\/2017\/12\/BundesministeriumUNnS-1024x905.png 1024w, https:\/\/www.stiftung-oekologie-u-demokratie.de\/T\/wp-content\/uploads\/2017\/12\/BundesministeriumUNnS-450x398.png 450w, https:\/\/www.stiftung-oekologie-u-demokratie.de\/T\/wp-content\/uploads\/2017\/12\/BundesministeriumUNnS.png 1584w\" sizes=\"(max-width: 300px) 100vw, 300px\" \/><\/a><\/p>\n<p>\u00a0<\/p>\n<p>Interessierte Kommunen k\u00f6nnen sich bei der Stiftung f\u00fcr \u00d6kologie und Demokratie e.V. oder beim Rheinland-Pfalz Kompetenzzentrum f\u00fcr Klimawandelfolgen zur Teilnahme anmelden.<\/p>\n<p><a href=\"https:\/\/www.stiftung-oekologie-u-demokratie.de\/T\/wp-content\/uploads\/2018\/08\/Projektflyer_COACH_RLP.pdf\" target=\"_blank\" rel=\"noopener\">Projektflyer_COACH_RLP<\/a><\/p>\n<p><a href=\"https:\/\/www.stiftung-oekologie-u-demokratie.de\/T\/wp-content\/uploads\/2021\/03\/KlimaCoach_Abschlussbroschure_210303.pdf\" target=\"_blank\" rel=\"noopener\">Abschlussbrosch\u00fcre<\/a><\/p>\n<p>Kontakt zum KlimawandelAnpassungsCOACH, Herrn Christian Kotremba:<\/p>\n<p>Arbeitsort:<\/p>\n<p>Rheinland-Pfalz Kompetenzzentrum f\u00fcr Klimawandelfolgen<\/p>\n<p>Hauptstra\u00dfe 16<\/p>\n<p>67705 Trippstadt<\/p>\n<p>Tel. 06306\/911-124<\/p>\n<p>christian.kotremba@klimawandel-rlp.de<br \/><strong><a href=\"http:\/\/www.kwis-rlp.de\/de\/anpassungsportal\/projekte-kommunen-und-unternehmen\/klimawandelanpassungscoach-rlp\/\">Aktuelle Informationen<\/a><\/strong> auf der Seite Rheinland-Pfalz Kompetenzzentrum f\u00fcr Klimawandelfolgen<\/p>\n<p><a href=\"https:\/\/www.stiftung-oekologie-u-demokratie.de\/T\/wp-content\/uploads\/2017\/12\/Logo-08.jpg\"><img decoding=\"async\" class=\"aligncenter size-medium wp-image-989\" src=\"https:\/\/www.stiftung-oekologie-u-demokratie.de\/T\/wp-content\/uploads\/2017\/12\/Logo-08-300x256.jpg\" alt=\"Logo-08\" width=\"300\" height=\"256\" srcset=\"https:\/\/www.stiftung-oekologie-u-demokratie.de\/T\/wp-content\/uploads\/2017\/12\/Logo-08-300x256.jpg 300w, https:\/\/www.stiftung-oekologie-u-demokratie.de\/T\/wp-content\/uploads\/2017\/12\/Logo-08-600x512.jpg 600w, https:\/\/www.stiftung-oekologie-u-demokratie.de\/T\/wp-content\/uploads\/2017\/12\/Logo-08-1024x874.jpg 1024w, https:\/\/www.stiftung-oekologie-u-demokratie.de\/T\/wp-content\/uploads\/2017\/12\/Logo-08-450x384.jpg 450w, https:\/\/www.stiftung-oekologie-u-demokratie.de\/T\/wp-content\/uploads\/2017\/12\/Logo-08.jpg 1463w\" sizes=\"(max-width: 300px) 100vw, 300px\" \/><\/a><\/p>","protected":false},"excerpt":{"rendered":"<p>\u00a0 Das kommunale Projekt \u201eKlimawandelAnpassungsCOACH RLP\u201c der Stiftung f\u00fcr \u00d6kologie und Demokratie e.V. wird durch das Bundesministerium f\u00fcr Umwelt, Naturschutz und nukleare Sicherheit aus dem Sonderverm\u00f6gen &#8222;Energie- und Klimafonds&#8220; gef\u00f6rdert. Die Projektlaufzeit erstreckt sich \u00fcber 3 Jahre. Der Stiftungsvorsitzende Hans-Joachim Ritter (R\u00fclzheim) zeigte sich erfreut, dass das zweistufige Antragsverfahren erfolgreich gewesen sei. Der Projektstart erfolgte&hellip;<\/p>\n","protected":false},"author":1,"featured_media":989,"comment_status":"closed","ping_status":"closed","template":"","dt_portfolio_category":[154],"dt_portfolio_tags":[],"class_list":["post-57562","dt_portfolio","type-dt_portfolio","status-publish","has-post-thumbnail","hentry","dt_portfolio_category-projekt","dt_portfolio_category-154","description-off"],"yoast_head":"<!-- This site is optimized with the Yoast SEO plugin v25.9 - https:\/\/yoast.com\/wordpress\/plugins\/seo\/ -->\n<title>Projekt \u201eKlimawandelAnpassungsCOACH RLP\u201c - Stiftung f\u00fcr \u00d6kologie und Demokratie e.V.<\/title>\n<meta name=\"robots\" content=\"index, follow, max-snippet:-1, max-image-preview:large, max-video-preview:-1\" \/>\n<link rel=\"canonical\" href=\"https:\/\/www.stiftung-oekologie-u-demokratie.de\/T\/project\/projekt-klimawandelanpassungscoach-rlp\/\" \/>\n<meta property=\"og:locale\" content=\"de_DE\" \/>\n<meta property=\"og:type\" content=\"article\" \/>\n<meta property=\"og:title\" content=\"Projekt \u201eKlimawandelAnpassungsCOACH RLP\u201c - Stiftung f\u00fcr \u00d6kologie und Demokratie e.V.\" \/>\n<meta property=\"og:description\" content=\"\u00a0 Das kommunale Projekt \u201eKlimawandelAnpassungsCOACH RLP\u201c der Stiftung f\u00fcr \u00d6kologie und Demokratie e.V. wird durch das Bundesministerium f\u00fcr Umwelt, Naturschutz und nukleare Sicherheit aus dem Sonderverm\u00f6gen &#8222;Energie- und Klimafonds&#8220; gef\u00f6rdert. Die Projektlaufzeit erstreckt sich \u00fcber 3 Jahre. Der Stiftungsvorsitzende Hans-Joachim Ritter (R\u00fclzheim) zeigte sich erfreut, dass das zweistufige Antragsverfahren erfolgreich gewesen sei. Der Projektstart erfolgte&hellip;\" \/>\n<meta property=\"og:url\" content=\"https:\/\/www.stiftung-oekologie-u-demokratie.de\/T\/project\/projekt-klimawandelanpassungscoach-rlp\/\" \/>\n<meta property=\"og:site_name\" content=\"Stiftung f\u00fcr \u00d6kologie und Demokratie e.V.\" \/>\n<meta property=\"article:modified_time\" content=\"2021-03-04T23:42:39+00:00\" \/>\n<meta property=\"og:image\" content=\"https:\/\/www.stiftung-oekologie-u-demokratie.de\/T\/wp-content\/uploads\/2017\/12\/Logo-08.jpg\" \/>\n\t<meta property=\"og:image:width\" content=\"1463\" \/>\n\t<meta property=\"og:image:height\" content=\"1248\" \/>\n\t<meta property=\"og:image:type\" content=\"image\/jpeg\" \/>\n<meta name=\"twitter:card\" content=\"summary_large_image\" \/>\n<meta name=\"twitter:label1\" content=\"Gesch\u00e4tzte Lesezeit\" \/>\n\t<meta name=\"twitter:data1\" content=\"2\u00a0Minuten\" \/>\n<script type=\"application\/ld+json\" class=\"yoast-schema-graph\">{\"@context\":\"https:\/\/schema.org\",\"@graph\":[{\"@type\":\"WebPage\",\"@id\":\"https:\/\/www.stiftung-oekologie-u-demokratie.de\/T\/project\/projekt-klimawandelanpassungscoach-rlp\/\",\"url\":\"https:\/\/www.stiftung-oekologie-u-demokratie.de\/T\/project\/projekt-klimawandelanpassungscoach-rlp\/\",\"name\":\"Projekt \u201eKlimawandelAnpassungsCOACH RLP\u201c - Stiftung f\u00fcr \u00d6kologie und Demokratie e.V.\",\"isPartOf\":{\"@id\":\"https:\/\/www.stiftung-oekologie-u-demokratie.de\/T\/#website\"},\"primaryImageOfPage\":{\"@id\":\"https:\/\/www.stiftung-oekologie-u-demokratie.de\/T\/project\/projekt-klimawandelanpassungscoach-rlp\/#primaryimage\"},\"image\":{\"@id\":\"https:\/\/www.stiftung-oekologie-u-demokratie.de\/T\/project\/projekt-klimawandelanpassungscoach-rlp\/#primaryimage\"},\"thumbnailUrl\":\"https:\/\/www.stiftung-oekologie-u-demokratie.de\/T\/wp-content\/uploads\/2017\/12\/Logo-08.jpg\",\"datePublished\":\"2021-01-05T11:08:42+00:00\",\"dateModified\":\"2021-03-04T23:42:39+00:00\",\"breadcrumb\":{\"@id\":\"https:\/\/www.stiftung-oekologie-u-demokratie.de\/T\/project\/projekt-klimawandelanpassungscoach-rlp\/#breadcrumb\"},\"inLanguage\":\"de\",\"potentialAction\":[{\"@type\":\"ReadAction\",\"target\":[\"https:\/\/www.stiftung-oekologie-u-demokratie.de\/T\/project\/projekt-klimawandelanpassungscoach-rlp\/\"]}]},{\"@type\":\"ImageObject\",\"inLanguage\":\"de\",\"@id\":\"https:\/\/www.stiftung-oekologie-u-demokratie.de\/T\/project\/projekt-klimawandelanpassungscoach-rlp\/#primaryimage\",\"url\":\"https:\/\/www.stiftung-oekologie-u-demokratie.de\/T\/wp-content\/uploads\/2017\/12\/Logo-08.jpg\",\"contentUrl\":\"https:\/\/www.stiftung-oekologie-u-demokratie.de\/T\/wp-content\/uploads\/2017\/12\/Logo-08.jpg\",\"width\":1463,\"height\":1248},{\"@type\":\"BreadcrumbList\",\"@id\":\"https:\/\/www.stiftung-oekologie-u-demokratie.de\/T\/project\/projekt-klimawandelanpassungscoach-rlp\/#breadcrumb\",\"itemListElement\":[{\"@type\":\"ListItem\",\"position\":1,\"name\":\"Home\",\"item\":\"https:\/\/www.stiftung-oekologie-u-demokratie.de\/T\/\"},{\"@type\":\"ListItem\",\"position\":2,\"name\":\"Portfolio\",\"item\":\"https:\/\/www.stiftung-oekologie-u-demokratie.de\/T\/project\/\"},{\"@type\":\"ListItem\",\"position\":3,\"name\":\"Projekt \u201eKlimawandelAnpassungsCOACH RLP\u201c\"}]},{\"@type\":\"WebSite\",\"@id\":\"https:\/\/www.stiftung-oekologie-u-demokratie.de\/T\/#website\",\"url\":\"https:\/\/www.stiftung-oekologie-u-demokratie.de\/T\/\",\"name\":\"Stiftung f\u00fcr \u00d6kologie und Demokratie e.V.\",\"description\":\"Stiftung f\u00fcr \u00d6kologie und Demokratie e.V.\",\"potentialAction\":[{\"@type\":\"SearchAction\",\"target\":{\"@type\":\"EntryPoint\",\"urlTemplate\":\"https:\/\/www.stiftung-oekologie-u-demokratie.de\/T\/?s={search_term_string}\"},\"query-input\":{\"@type\":\"PropertyValueSpecification\",\"valueRequired\":true,\"valueName\":\"search_term_string\"}}],\"inLanguage\":\"de\"}]}<\/script>\n<!-- \/ Yoast SEO plugin. -->","yoast_head_json":{"title":"Projekt \u201eKlimawandelAnpassungsCOACH RLP\u201c - Stiftung f\u00fcr \u00d6kologie und Demokratie e.V.","robots":{"index":"index","follow":"follow","max-snippet":"max-snippet:-1","max-image-preview":"max-image-preview:large","max-video-preview":"max-video-preview:-1"},"canonical":"https:\/\/www.stiftung-oekologie-u-demokratie.de\/T\/project\/projekt-klimawandelanpassungscoach-rlp\/","og_locale":"de_DE","og_type":"article","og_title":"Projekt \u201eKlimawandelAnpassungsCOACH RLP\u201c - Stiftung f\u00fcr \u00d6kologie und Demokratie e.V.","og_description":"\u00a0 Das kommunale Projekt \u201eKlimawandelAnpassungsCOACH RLP\u201c der Stiftung f\u00fcr \u00d6kologie und Demokratie e.V. wird durch das Bundesministerium f\u00fcr Umwelt, Naturschutz und nukleare Sicherheit aus dem Sonderverm\u00f6gen &#8222;Energie- und Klimafonds&#8220; gef\u00f6rdert. Die Projektlaufzeit erstreckt sich \u00fcber 3 Jahre. Der Stiftungsvorsitzende Hans-Joachim Ritter (R\u00fclzheim) zeigte sich erfreut, dass das zweistufige Antragsverfahren erfolgreich gewesen sei. Der Projektstart erfolgte&hellip;","og_url":"https:\/\/www.stiftung-oekologie-u-demokratie.de\/T\/project\/projekt-klimawandelanpassungscoach-rlp\/","og_site_name":"Stiftung f\u00fcr \u00d6kologie und Demokratie e.V.","article_modified_time":"2021-03-04T23:42:39+00:00","og_image":[{"width":1463,"height":1248,"url":"https:\/\/www.stiftung-oekologie-u-demokratie.de\/T\/wp-content\/uploads\/2017\/12\/Logo-08.jpg","type":"image\/jpeg"}],"twitter_card":"summary_large_image","twitter_misc":{"Gesch\u00e4tzte Lesezeit":"2\u00a0Minuten"},"schema":{"@context":"https:\/\/schema.org","@graph":[{"@type":"WebPage","@id":"https:\/\/www.stiftung-oekologie-u-demokratie.de\/T\/project\/projekt-klimawandelanpassungscoach-rlp\/","url":"https:\/\/www.stiftung-oekologie-u-demokratie.de\/T\/project\/projekt-klimawandelanpassungscoach-rlp\/","name":"Projekt \u201eKlimawandelAnpassungsCOACH RLP\u201c - Stiftung f\u00fcr \u00d6kologie und Demokratie e.V.","isPartOf":{"@id":"https:\/\/www.stiftung-oekologie-u-demokratie.de\/T\/#website"},"primaryImageOfPage":{"@id":"https:\/\/www.stiftung-oekologie-u-demokratie.de\/T\/project\/projekt-klimawandelanpassungscoach-rlp\/#primaryimage"},"image":{"@id":"https:\/\/www.stiftung-oekologie-u-demokratie.de\/T\/project\/projekt-klimawandelanpassungscoach-rlp\/#primaryimage"},"thumbnailUrl":"https:\/\/www.stiftung-oekologie-u-demokratie.de\/T\/wp-content\/uploads\/2017\/12\/Logo-08.jpg","datePublished":"2021-01-05T11:08:42+00:00","dateModified":"2021-03-04T23:42:39+00:00","breadcrumb":{"@id":"https:\/\/www.stiftung-oekologie-u-demokratie.de\/T\/project\/projekt-klimawandelanpassungscoach-rlp\/#breadcrumb"},"inLanguage":"de","potentialAction":[{"@type":"ReadAction","target":["https:\/\/www.stiftung-oekologie-u-demokratie.de\/T\/project\/projekt-klimawandelanpassungscoach-rlp\/"]}]},{"@type":"ImageObject","inLanguage":"de","@id":"https:\/\/www.stiftung-oekologie-u-demokratie.de\/T\/project\/projekt-klimawandelanpassungscoach-rlp\/#primaryimage","url":"https:\/\/www.stiftung-oekologie-u-demokratie.de\/T\/wp-content\/uploads\/2017\/12\/Logo-08.jpg","contentUrl":"https:\/\/www.stiftung-oekologie-u-demokratie.de\/T\/wp-content\/uploads\/2017\/12\/Logo-08.jpg","width":1463,"height":1248},{"@type":"BreadcrumbList","@id":"https:\/\/www.stiftung-oekologie-u-demokratie.de\/T\/project\/projekt-klimawandelanpassungscoach-rlp\/#breadcrumb","itemListElement":[{"@type":"ListItem","position":1,"name":"Home","item":"https:\/\/www.stiftung-oekologie-u-demokratie.de\/T\/"},{"@type":"ListItem","position":2,"name":"Portfolio","item":"https:\/\/www.stiftung-oekologie-u-demokratie.de\/T\/project\/"},{"@type":"ListItem","position":3,"name":"Projekt \u201eKlimawandelAnpassungsCOACH RLP\u201c"}]},{"@type":"WebSite","@id":"https:\/\/www.stiftung-oekologie-u-demokratie.de\/T\/#website","url":"https:\/\/www.stiftung-oekologie-u-demokratie.de\/T\/","name":"Stiftung f\u00fcr \u00d6kologie und Demokratie e.V.","description":"Stiftung f\u00fcr \u00d6kologie und Demokratie e.V.","potentialAction":[{"@type":"SearchAction","target":{"@type":"EntryPoint","urlTemplate":"https:\/\/www.stiftung-oekologie-u-demokratie.de\/T\/?s={search_term_string}"},"query-input":{"@type":"PropertyValueSpecification","valueRequired":true,"valueName":"search_term_string"}}],"inLanguage":"de"}]}},"_links":{"self":[{"href":"https:\/\/www.stiftung-oekologie-u-demokratie.de\/T\/wp-json\/wp\/v2\/dt_portfolio\/57562","targetHints":{"allow":["GET"]}}],"collection":[{"href":"https:\/\/www.stiftung-oekologie-u-demokratie.de\/T\/wp-json\/wp\/v2\/dt_portfolio"}],"about":[{"href":"https:\/\/www.stiftung-oekologie-u-demokratie.de\/T\/wp-json\/wp\/v2\/types\/dt_portfolio"}],"author":[{"embeddable":true,"href":"https:\/\/www.stiftung-oekologie-u-demokratie.de\/T\/wp-json\/wp\/v2\/users\/1"}],"replies":[{"embeddable":true,"href":"https:\/\/www.stiftung-oekologie-u-demokratie.de\/T\/wp-json\/wp\/v2\/comments?post=57562"}],"version-history":[{"count":6,"href":"https:\/\/www.stiftung-oekologie-u-demokratie.de\/T\/wp-json\/wp\/v2\/dt_portfolio\/57562\/revisions"}],"predecessor-version":[{"id":57746,"href":"https:\/\/www.stiftung-oekologie-u-demokratie.de\/T\/wp-json\/wp\/v2\/dt_portfolio\/57562\/revisions\/57746"}],"wp:featuredmedia":[{"embeddable":true,"href":"https:\/\/www.stiftung-oekologie-u-demokratie.de\/T\/wp-json\/wp\/v2\/media\/989"}],"wp:attachment":[{"href":"https:\/\/www.stiftung-oekologie-u-demokratie.de\/T\/wp-json\/wp\/v2\/media?parent=57562"}],"wp:term":[{"taxonomy":"dt_portfolio_category","embeddable":true,"href":"https:\/\/www.stiftung-oekologie-u-demokratie.de\/T\/wp-json\/wp\/v2\/dt_portfolio_category?post=57562"},{"taxonomy":"dt_portfolio_tags","embeddable":true,"href":"https:\/\/www.stiftung-oekologie-u-demokratie.de\/T\/wp-json\/wp\/v2\/dt_portfolio_tags?post=57562"}],"curies":[{"name":"wp","href":"https:\/\/api.w.org\/{rel}","templated":true}]}}